{"id":4573,"date":"2024-01-01T11:12:13","date_gmt":"2024-01-01T11:12:13","guid":{"rendered":"https:\/\/dev.vuelandia.com\/partner-vuelandia\/air-europa\/"},"modified":"2024-03-12T14:37:48","modified_gmt":"2024-03-12T14:37:48","slug":"air-europa","status":"publish","type":"page","link":"https:\/\/vuelandia.com\/de\/partner-vuelandia\/air-europa\/","title":{"rendered":"Air Europa"},"content":{"rendered":"<p><div class=\"fusion-fullwidth fullwidth-box fusion-builder-row-1 fusion-flex-container has-pattern-background has-mask-background fusion-parallax-none nonhundred-percent-fullwidth non-hundred-percent-height-scrolling\" style=\"--awb-border-radius-top-left:0px;--awb-border-radius-top-right:0px;--awb-border-radius-bottom-right:0px;--awb-border-radius-bottom-left:0px;--awb-min-height:400px;--awb-background-image:url(&quot;https:\/\/vuelandia.com\/wp-content\/uploads\/2024\/02\/Vliegtuig-exterior.jpg&quot;);--awb-background-size:cover;--awb-flex-wrap:wrap;\" ><div class=\"fusion-builder-row fusion-row fusion-flex-align-items-flex-end fusion-flex-content-wrap\" style=\"max-width:1248px;margin-left: calc(-4% \/ 2 );margin-right: calc(-4% \/ 2 );\"><div class=\"fusion-layout-column fusion_builder_column fusion-builder-column-0 fusion_builder_column_2_3 2_3 fusion-flex-column fusion-animated\" style=\"--awb-padding-top:20%;--awb-bg-position:center center;--awb-bg-size:cover;--awb-width-large:66.666666666667%;--awb-margin-top-large:0px;--awb-spacing-right-large:2.88%;--awb-margin-bottom-large:20px;--awb-spacing-left-large:2.88%;--awb-width-medium:66.666666666667%;--awb-order-medium:0;--awb-spacing-right-medium:2.88%;--awb-spacing-left-medium:2.88%;--awb-width-small:100%;--awb-order-small:0;--awb-spacing-right-small:1.92%;--awb-margin-bottom-small:60px;--awb-spacing-left-small:1.92%;\" data-animationType=\"fadeInUp\" data-animationDuration=\"0.8\" data-animationOffset=\"top-into-view\" data-scroll-devices=\"small-visibility,medium-visibility,large-visibility\"><div class=\"fusion-column-wrapper fusion-column-has-shadow fusion-flex-justify-content-flex-start fusion-content-layout-column\"><\/div><\/div><\/div><\/div><div class=\"fusion-fullwidth fullwidth-box fusion-builder-row-2 fusion-flex-container has-pattern-background has-mask-background nonhundred-percent-fullwidth non-hundred-percent-height-scrolling\" style=\"--awb-background-position:left top;--awb-border-sizes-top:0px;--awb-border-sizes-bottom:0px;--awb-border-sizes-left:0px;--awb-border-sizes-right:0px;--awb-border-radius-top-left:0px;--awb-border-radius-top-right:0px;--awb-border-radius-bottom-right:0px;--awb-border-radius-bottom-left:0px;--awb-padding-top:60px;--awb-padding-bottom:60px;--awb-padding-top-medium:90px;--awb-padding-bottom-medium:90px;--awb-margin-bottom-medium:0px;--awb-background-color:var(--awb-color1);--awb-flex-wrap:wrap;\" ><div class=\"fusion-builder-row fusion-row fusion-flex-align-items-center fusion-flex-content-wrap\" style=\"max-width:calc( 1200px + 80px );margin-left: calc(-80px \/ 2 );margin-right: calc(-80px \/ 2 );\"><div class=\"fusion-layout-column fusion_builder_column fusion-builder-column-1 fusion_builder_column_1_2 1_2 fusion-flex-column\" style=\"--awb-bg-size:cover;--awb-width-large:50%;--awb-margin-top-large:0px;--awb-spacing-right-large:40px;--awb-margin-bottom-large:0px;--awb-spacing-left-large:40px;--awb-width-medium:50%;--awb-order-medium:0;--awb-spacing-right-medium:40px;--awb-spacing-left-medium:40px;--awb-width-small:100%;--awb-order-small:0;--awb-spacing-right-small:40px;--awb-spacing-left-small:40px;\" data-scroll-devices=\"small-visibility,medium-visibility,large-visibility\"><div class=\"fusion-column-wrapper fusion-column-has-shadow fusion-flex-justify-content-flex-start fusion-content-layout-column\"><div class=\"fusion-image-element \" style=\"--awb-margin-bottom:20px;--awb-caption-title-font-family:var(--h2_typography-font-family);--awb-caption-title-font-weight:var(--h2_typography-font-weight);--awb-caption-title-font-style:var(--h2_typography-font-style);--awb-caption-title-size:var(--h2_typography-font-size);--awb-caption-title-transform:var(--h2_typography-text-transform);--awb-caption-title-line-height:var(--h2_typography-line-height);--awb-caption-title-letter-spacing:var(--h2_typography-letter-spacing);\"><span class=\" fusion-imageframe imageframe-none imageframe-1 hover-type-none\"><img decoding=\"async\" width=\"1500\" height=\"236\" title=\"Logo blue Air Europa\" src=\"https:\/\/vuelandia.com\/wp-content\/uploads\/2024\/02\/Logo-blue-Air-Europa.png\" alt class=\"img-responsive wp-image-4586\" srcset=\"https:\/\/vuelandia.com\/wp-content\/uploads\/2024\/02\/Logo-blue-Air-Europa-200x31.png 200w, https:\/\/vuelandia.com\/wp-content\/uploads\/2024\/02\/Logo-blue-Air-Europa-400x63.png 400w, https:\/\/vuelandia.com\/wp-content\/uploads\/2024\/02\/Logo-blue-Air-Europa-600x94.png 600w, https:\/\/vuelandia.com\/wp-content\/uploads\/2024\/02\/Logo-blue-Air-Europa-800x126.png 800w, https:\/\/vuelandia.com\/wp-content\/uploads\/2024\/02\/Logo-blue-Air-Europa-1200x189.png 1200w, https:\/\/vuelandia.com\/wp-content\/uploads\/2024\/02\/Logo-blue-Air-Europa.png 1500w\" sizes=\"(max-width: 640px) 100vw, 600px\" \/><\/span><\/div><div class=\"fusion-title title fusion-title-1 fusion-sep-none fusion-title-text fusion-title-size-three\" style=\"--awb-text-color:#0d0d0d;--awb-margin-top:20px;--awb-margin-bottom:20px;--awb-margin-top-small:10px;--awb-margin-right-small:0px;--awb-margin-bottom-small:10px;--awb-margin-left-small:0px;\"><h3 class=\"fusion-title-heading title-heading-left\" style=\"font-family:&quot;Poppins&quot;;font-style:normal;font-weight:800;margin:0;\">Air Europa, Ihre Fluggesellschaft nach Lateinamerika<\/h3><\/div><div class=\"fusion-text fusion-text-1\" style=\"--awb-text-color:#0d0d0d;\"><p><span style=\"color: #0d0d0d;\">Mit 2 t\u00e4glichen Fl\u00fcgen von Amsterdam und Br\u00fcssel aus bietet Air Europa mehr als 20 Ziele in Lateinamerika an.<\/span><\/p>\n<p><span style=\"color: #0d0d0d;\">Top-Destinationen wie <strong>Kuba, Peru, Kolumbien <\/strong>und andere, die von Madrid aus angeflogen werden, eignen sich hervorragend als Anschlussfl\u00fcge zu Amsterdam und Br\u00fcssel.<\/span><\/p>\n<p><span style=\"color: #0d0d0d;\">Falls gew\u00fcnscht, kann auch ein Zwischenstopp in Madrid eingelegt werden. Air Europa ist Mitglied der SkyTeam-Allianz, was bedeutet, dass Sie sich auf Komfort, gute Verbindungen, Flexibilit\u00e4t und Zugang zu mehr als 420 Lounges weltweit verlassen k\u00f6nnen.<\/span><\/p>\n<p>* Mitglied der SkyTeam-Allianz<br \/>\n* Modern und komfortabel ausgestattete Einheiten<br \/>\n* 23 kg aufgegebenes Gep\u00e4ck in der Economy Class (au\u00dfer LITE-Tarife)<br \/>\n* Individuelle Unterhaltung mit der M\u00f6glichkeit, auf Ihrem eigenen Ger\u00e4t zu streamen<br \/>\n* Upgrade-Optionen auf Business-Klasse und Premium-Service<br \/>\n* Wi-Fi an Bord gegen Geb\u00fchr verf\u00fcgbar<\/p>\n<\/div><\/div><\/div><div class=\"fusion-layout-column fusion_builder_column fusion-builder-column-2 fusion_builder_column_1_2 1_2 fusion-flex-column\" style=\"--awb-overflow:hidden;--awb-bg-size:cover;--awb-box-shadow:2px 2px 12px 0px var(--awb-color6);;--awb-border-color:var(--awb-color2);--awb-border-top:1px;--awb-border-right:1px;--awb-border-bottom:1px;--awb-border-left:1px;--awb-border-style:solid;--awb-border-radius:20px 20px 20px 20px;--awb-width-large:50%;--awb-margin-top-large:0px;--awb-spacing-right-large:40px;--awb-margin-bottom-large:20px;--awb-spacing-left-large:40px;--awb-width-medium:50%;--awb-order-medium:0;--awb-spacing-right-medium:40px;--awb-spacing-left-medium:40px;--awb-width-small:100%;--awb-order-small:0;--awb-spacing-right-small:40px;--awb-spacing-left-small:40px;\" data-scroll-devices=\"small-visibility,medium-visibility,large-visibility\"><div class=\"fusion-column-wrapper fusion-column-has-shadow fusion-flex-justify-content-flex-start fusion-content-layout-column\"><div class=\"fusion-image-element \" style=\"--awb-caption-title-font-family:var(--h2_typography-font-family);--awb-caption-title-font-weight:var(--h2_typography-font-weight);--awb-caption-title-font-style:var(--h2_typography-font-style);--awb-caption-title-size:var(--h2_typography-font-size);--awb-caption-title-transform:var(--h2_typography-text-transform);--awb-caption-title-line-height:var(--h2_typography-line-height);--awb-caption-title-letter-spacing:var(--h2_typography-letter-spacing);\"><span class=\" fusion-imageframe imageframe-none imageframe-2 hover-type-none\"><img decoding=\"async\" width=\"1748\" height=\"1240\" title=\"Duurzaamheid\" src=\"https:\/\/vuelandia.com\/wp-content\/uploads\/2024\/02\/Duurzaamheid.jpg\" alt class=\"img-responsive wp-image-4585\" srcset=\"https:\/\/vuelandia.com\/wp-content\/uploads\/2024\/02\/Duurzaamheid-200x142.jpg 200w, https:\/\/vuelandia.com\/wp-content\/uploads\/2024\/02\/Duurzaamheid-400x284.jpg 400w, https:\/\/vuelandia.com\/wp-content\/uploads\/2024\/02\/Duurzaamheid-600x426.jpg 600w, https:\/\/vuelandia.com\/wp-content\/uploads\/2024\/02\/Duurzaamheid-800x568.jpg 800w, https:\/\/vuelandia.com\/wp-content\/uploads\/2024\/02\/Duurzaamheid-1200x851.jpg 1200w, https:\/\/vuelandia.com\/wp-content\/uploads\/2024\/02\/Duurzaamheid.jpg 1748w\" sizes=\"(max-width: 640px) 100vw, 600px\" \/><\/span><\/div><div class=\"fusion-title title fusion-title-2 fusion-sep-none fusion-title-text fusion-title-size-three\" style=\"--awb-text-color:#2d69e1;--awb-margin-top:20px;--awb-margin-right:5%;--awb-margin-bottom:0px;--awb-margin-left:5%;--awb-margin-top-small:10px;--awb-margin-right-small:0px;--awb-margin-bottom-small:10px;--awb-margin-left-small:0px;\"><h3 class=\"fusion-title-heading title-heading-left\" style=\"font-family:&quot;Poppins&quot;;font-style:normal;font-weight:700;margin:0;\">Auf dem Weg in eine nachhaltige Zukunft<\/h3><\/div><div class=\"fusion-text fusion-text-2\" style=\"--awb-margin-top:0px;--awb-margin-right:5%;--awb-margin-left:5%;\"><h6><span style=\"color: #0d0d0d;\">Air Europa stellt mit umweltfreundlicher Flottenerneuerung die Weichen f\u00fcr eine nachhaltige Zukunft<\/span><\/h6>\n<p><span style=\"color: #0d0d0d;\">In den vergangenen zwei Jahren hat Air Europa ein ehrgeiziges Flottenerneuerungsprogramm gestartet und ist vollst\u00e4ndig auf Boeing 787 Dreamliner und Boeing 737 MAX umgestiegen. Diese Aggregate zeichnen sich durch ihre au\u00dfergew\u00f6hnliche Langlebigkeit aus und weisen einen deutlich geringeren Kraftstoffverbrauch und CO2-Aussto\u00df auf, was zu einer um bis zu 34 % bzw. 60 % geringeren Umweltbelastung f\u00fchrt. Au\u00dferdem verursachen sie deutlich weniger L\u00e4rmbel\u00e4stigung f\u00fcr die Umgebung.<\/span><\/p>\n<\/div><\/div><\/div><\/div><\/div><div class=\"fusion-fullwidth fullwidth-box fusion-builder-row-3 fusion-flex-container has-pattern-background has-mask-background nonhundred-percent-fullwidth non-hundred-percent-height-scrolling\" style=\"--awb-border-radius-top-left:0px;--awb-border-radius-top-right:0px;--awb-border-radius-bottom-right:0px;--awb-border-radius-bottom-left:0px;--awb-flex-wrap:wrap;\" ><div class=\"fusion-builder-row fusion-row fusion-flex-align-items-flex-start fusion-flex-content-wrap\" style=\"max-width:1248px;margin-left: calc(-4% \/ 2 );margin-right: calc(-4% \/ 2 );\"><div class=\"fusion-layout-column fusion_builder_column fusion-builder-column-3 fusion_builder_column_4_5 4_5 fusion-flex-column\" style=\"--awb-bg-size:cover;--awb-width-large:80%;--awb-margin-top-large:0px;--awb-spacing-right-large:2.4%;--awb-margin-bottom-large:20px;--awb-spacing-left-large:2.4%;--awb-width-medium:80%;--awb-order-medium:0;--awb-spacing-right-medium:2.4%;--awb-spacing-left-medium:2.4%;--awb-width-small:100%;--awb-order-small:0;--awb-spacing-right-small:1.92%;--awb-spacing-left-small:1.92%;\"><div class=\"fusion-column-wrapper fusion-column-has-shadow fusion-flex-justify-content-flex-start fusion-content-layout-column\"><div class=\"fusion-title title fusion-title-3 fusion-sep-none fusion-title-text fusion-title-size-three\" style=\"--awb-text-color:#2d69e1;--awb-margin-top-small:10px;--awb-margin-right-small:0px;--awb-margin-bottom-small:10px;--awb-margin-left-small:0px;\"><h3 class=\"fusion-title-heading title-heading-left\" style=\"font-family:&quot;Poppins&quot;;font-style:normal;font-weight:700;margin:0;\">Komfort an Bord<\/h3><\/div><div class=\"fusion-text fusion-text-3\" style=\"--awb-text-color:#0d0d0d;\"><p>Auf einem Flug in der Economy Class reisen Sie in bequemen Sitzen, genie\u00dfen eine stimmungsvolle Umgebungsbeleuchtung, um den Jetlag zu verringern, pers\u00f6nliche Unterhaltung und auf Transkontinentalfl\u00fcgen eine Hauptmahlzeit. Es besteht auch die M\u00f6glichkeit, spezielle\/extra Mahlzeiten oder Air Combos im Voraus zu bestellen. Diejenigen, die mehr Platz und Komfort w\u00fcnschen, k\u00f6nnen sich f\u00fcr die Business Class entscheiden, in der es flache Sitze, ein Pflegeset und spezielle \u00f6kologische Men\u00fcs gibt, die von Michelin-Sternekoch Martin Berasategui zusammengestellt wurden.<\/p>\n<h6><strong><span style=\"color: #0d0d0d;\">Wi-Fi an Bord<\/span> <\/strong><\/h6>\n<p>Auf einem gro\u00dfen Teil der Air Europa-Fl\u00fcge ist gegen einen geringen Aufpreis ein WLAN-Anschluss an Bord m\u00f6glich. Um \u00fcber WhatsApp und andere Social-Media-Kan\u00e4le mit Ihren Lieben in Kontakt zu bleiben, E-Mails zu verwalten oder zu surfen, gibt es je nach Bedarf verschiedene Wi-Fi-Pakete. Es ist m\u00f6glich, das gew\u00fcnschte Wi-Fi-Paket im Voraus \u00fcber die Website von Air Europa oder an Bord zu kaufen.<\/p>\n<h6><strong><span style=\"color: #0d0d0d;\">Men\u00fc Gusto+<\/span> <\/strong><\/h6>\n<p>Das Gusto+-Men\u00fc von Air Europa wird auf Kurzstreckenfl\u00fcgen gegen eine Geb\u00fchr angeboten UND gilt f\u00fcr die zweite Mahlzeit auf Langstreckenfl\u00fcgen. Es besteht aus k\u00f6stlichen Gerichten, die t\u00e4glich frisch zubereitet werden. Auf jedem Flug gibt es spezielle Angebote, die von Vorspeisen \u00fcber Snacks und Sandwiches bis hin zu s\u00fc\u00dfen Kombinationen oder speziellen Kindermen\u00fcs reichen. Dar\u00fcber hinaus k\u00f6nnen die Fahrg\u00e4ste Sandwiches des Monats genie\u00dfen.<\/p>\n<h6><strong><span style=\"color: #0d0d0d;\">Sitze<\/span> <\/strong><\/h6>\n<p>F\u00fcr zus\u00e4tzlichen Komfort an Bord bieten wir auf allen Fl\u00fcgen XL-Sitze an, die im Voraus gegen einen geringen Aufpreis gebucht werden k\u00f6nnen.<\/p>\n<\/div><\/div><\/div><div class=\"fusion-layout-column fusion_builder_column fusion-builder-column-4 fusion_builder_column_5_6 5_6 fusion-flex-column\" style=\"--awb-bg-size:cover;--awb-width-large:83.333333333333%;--awb-margin-top-large:0px;--awb-spacing-right-large:2.304%;--awb-margin-bottom-large:20px;--awb-spacing-left-large:2.304%;--awb-width-medium:83.333333333333%;--awb-order-medium:0;--awb-spacing-right-medium:2.304%;--awb-spacing-left-medium:2.304%;--awb-width-small:100%;--awb-order-small:0;--awb-spacing-right-small:1.92%;--awb-spacing-left-small:1.92%;\"><div class=\"fusion-column-wrapper fusion-column-has-shadow fusion-flex-justify-content-flex-start fusion-content-layout-column\"><div class=\"fusion-image-carousel fusion-image-carousel-fixed fusion-image-carousel-1 lightbox-enabled fusion-carousel-border\"><div class=\"awb-carousel awb-swiper awb-swiper-carousel awb-carousel--carousel awb-swiper-dots-position-bottom\" data-layout=\"carousel\" data-autoplay=\"no\" data-autoplayspeed=\"2500\" data-autoplaypause=\"no\" data-columns=\"5\" data-columnsmedium=\"1\" data-columnssmall=\"1\" data-itemmargin=\"13\" data-itemwidth=\"180\" data-touchscroll=\"no\" data-freemode=\"no\" data-imagesize=\"fixed\" data-scrollitems=\"0\" data-centeredslides=\"no\" data-rotationangle=\"50\" data-depth=\"100\" data-speed=\"500\" data-shadow=\"no\" data-pagination=\"bullets\" style=\"--awb-border-width:1px;--awb-border-color:#e9eaee;\"><div class=\"swiper-wrapper awb-image-carousel-wrapper fusion-flex-align-items-center\"><div class=\"swiper-slide\"><div class=\"fusion-carousel-item-wrapper\"><div class=\"fusion-image-wrapper hover-type-liftup\"><a data-rel=\"iLightbox[image_carousel_1]\" data-title=\"Economy Class\" aria-label=\"Economy Class\" href=\"https:\/\/vuelandia.com\/wp-content\/uploads\/2024\/02\/economy.jpg\" target=\"_self\"><img decoding=\"async\" width=\"320\" height=\"202\" src=\"https:\/\/vuelandia.com\/wp-content\/uploads\/2024\/02\/economy-320x202.jpg\" class=\"attachment-blog-medium size-blog-medium\" alt=\"Economy-Klasse\" \/><\/a><\/div><\/div><\/div><div class=\"swiper-slide\"><div class=\"fusion-carousel-item-wrapper\"><div class=\"fusion-image-wrapper hover-type-liftup\"><a data-rel=\"iLightbox[image_carousel_1]\" data-title=\"Premium Class\" aria-label=\"Premium Class\" href=\"https:\/\/vuelandia.com\/wp-content\/uploads\/2024\/02\/premium-1.jpg\" target=\"_self\"><img decoding=\"async\" width=\"320\" height=\"202\" src=\"https:\/\/vuelandia.com\/wp-content\/uploads\/2024\/02\/premium-1-320x202.jpg\" class=\"attachment-blog-medium size-blog-medium\" alt=\"Premium-Klasse\" \/><\/a><\/div><\/div><\/div><div class=\"swiper-slide\"><div class=\"fusion-carousel-item-wrapper\"><div class=\"fusion-image-wrapper hover-type-liftup\"><a data-rel=\"iLightbox[image_carousel_1]\" data-title=\"Maaltijd a la carte\" aria-label=\"Maaltijd a la carte\" href=\"https:\/\/vuelandia.com\/wp-content\/uploads\/2024\/02\/maaltijd.jpg\" target=\"_self\"><img decoding=\"async\" width=\"320\" height=\"202\" src=\"https:\/\/vuelandia.com\/wp-content\/uploads\/2024\/02\/maaltijd-320x202.jpg\" class=\"attachment-blog-medium size-blog-medium\" alt=\"Mahlzeit \u00e0 la carte\" \/><\/a><\/div><\/div><\/div><div class=\"swiper-slide\"><div class=\"fusion-carousel-item-wrapper\"><div class=\"fusion-image-wrapper hover-type-liftup\"><a data-rel=\"iLightbox[image_carousel_1]\" data-title=\"Stewaradess Air Europa\" aria-label=\"Stewaradess Air Europa\" href=\"https:\/\/vuelandia.com\/wp-content\/uploads\/2024\/02\/stewaradess.jpg\" target=\"_self\"><img decoding=\"async\" width=\"320\" height=\"202\" src=\"https:\/\/vuelandia.com\/wp-content\/uploads\/2024\/02\/stewaradess-320x202.jpg\" class=\"attachment-blog-medium size-blog-medium\" alt=\"Stewardess Air Europa\" \/><\/a><\/div><\/div><\/div><div class=\"swiper-slide\"><div class=\"fusion-carousel-item-wrapper\"><div class=\"fusion-image-wrapper hover-type-liftup\"><a data-rel=\"iLightbox[image_carousel_1]\" data-title=\"Business Class\" aria-label=\"Business Class\" href=\"https:\/\/vuelandia.com\/wp-content\/uploads\/2024\/02\/Business-Class.jpg\" target=\"_self\"><img decoding=\"async\" width=\"320\" height=\"202\" src=\"https:\/\/vuelandia.com\/wp-content\/uploads\/2024\/02\/Business-Class-320x202.jpg\" class=\"attachment-blog-medium size-blog-medium\" alt=\"Business-Klasse\" \/><\/a><\/div><\/div><\/div><\/div><\/div><\/div><\/div><\/div><div class=\"fusion-layout-column fusion_builder_column fusion-builder-column-5 fusion_builder_column_4_5 4_5 fusion-flex-column\" style=\"--awb-bg-size:cover;--awb-width-large:80%;--awb-margin-top-large:0px;--awb-spacing-right-large:2.4%;--awb-margin-bottom-large:20px;--awb-spacing-left-large:2.4%;--awb-width-medium:80%;--awb-order-medium:0;--awb-spacing-right-medium:2.4%;--awb-spacing-left-medium:2.4%;--awb-width-small:100%;--awb-order-small:0;--awb-spacing-right-small:1.92%;--awb-spacing-left-small:1.92%;\"><div class=\"fusion-column-wrapper fusion-column-has-shadow fusion-flex-justify-content-flex-start fusion-content-layout-column\"><div class=\"fusion-title title fusion-title-4 fusion-sep-none fusion-title-text fusion-title-size-three\" style=\"--awb-text-color:#2d69e1;--awb-margin-bottom:0px;--awb-margin-top-small:10px;--awb-margin-right-small:0px;--awb-margin-bottom-small:10px;--awb-margin-left-small:0px;\"><h3 class=\"fusion-title-heading title-heading-left\" style=\"font-family:&quot;Poppins&quot;;font-style:normal;font-weight:700;margin:0;\">AEA-Erfahrung<\/h3><\/div><div class=\"fusion-text fusion-text-4 fusion-text-no-margin\" style=\"--awb-text-color:#0d0d0d;--awb-margin-top:0px;--awb-margin-bottom:0px;\"><h6><span style=\"color: #0d0d0d;\">Reisen in Premium<\/span><\/h6>\n<p>An Destinationen wie Cancun, San Pedro de Sula und Santa Cruz k\u00f6nnen Passagiere unter anderem die zus\u00e4tzliche Beinfreiheit und den Reisekomfort der Premium-Kabine genie\u00dfen.<\/p>\n<ul>\n<li>Genie\u00dfen Sie mehr Komfort auf den breiteren Sitzen.<\/li>\n<li>Besonderes Men\u00fc<\/li>\n<li>Komfort-Kit<\/li>\n<li>Bevorzugtes Einsteigen<\/li>\n<\/ul>\n<h6><span style=\"color: #0d0d0d;\">Ihre Welt, jetzt noch gr\u00f6\u00dfer in unserer Businessclass<\/span><\/h6>\n<p>Stilvolles Reisen ist in der Business Class m\u00f6glich, wo die Passagiere mehr Privatsph\u00e4re, Komfort und ein gastronomisches Erlebnis mit gesunden, \u00f6kologischen und hochwertigen Men\u00fcs genie\u00dfen.<\/p>\n<ul>\n<li>Zugang zu VIP-Lounges<\/li>\n<li>Schneller Check-in \u00fcber einen separaten Check-in-Schalter<\/li>\n<li>Bevorzugtes Einsteigen<\/li>\n<li>Die &#8222;Flachbettsitze&#8220; erm\u00f6glichen es den Fahrg\u00e4sten, sich in einer vollst\u00e4ndig horizontalen Position auszuruhen.<\/li>\n<li>2x 23 kg aufgegebenes Gep\u00e4ck und 3 St\u00fcck Handgep\u00e4ck.<\/li>\n<li>Aufmerksamer und pers\u00f6nlicher Service durch engagierte SkyTeam-Mitarbeiter<\/li>\n<li>Umfangreiches Unterhaltungssystem an Bord.<\/li>\n<li>Annehmlichkeits-Set<\/li>\n<li>Spezielles Men\u00fc kuratiert vom spanischen Michelin-Stern Martin Berasategui.<\/li>\n<\/ul>\n<\/div><\/div><\/div><\/div><\/div><div class=\"fusion-fullwidth fullwidth-box fusion-builder-row-4 fusion-flex-container has-pattern-background has-mask-background nonhundred-percent-fullwidth non-hundred-percent-height-scrolling\" style=\"--awb-border-radius-top-left:0px;--awb-border-radius-top-right:0px;--awb-border-radius-bottom-right:0px;--awb-border-radius-bottom-left:0px;--awb-padding-right:0px;--awb-padding-left:0px;--awb-margin-top:20px;--awb-background-color:#2d69e1;--awb-flex-wrap:wrap;\" ><div class=\"fusion-builder-row fusion-row fusion-flex-align-items-flex-start fusion-flex-content-wrap\" style=\"max-width:1248px;margin-left: calc(-4% \/ 2 );margin-right: calc(-4% \/ 2 );\"><div class=\"fusion-layout-column fusion_builder_column fusion-builder-column-6 fusion_builder_column_1_1 1_1 fusion-flex-column\" style=\"--awb-padding-top:20px;--awb-padding-bottom:20px;--awb-overflow:hidden;--awb-bg-size:cover;--awb-border-radius:20px 20px 20px 20px;--awb-width-large:100%;--awb-margin-top-large:0px;--awb-spacing-right-large:1.92%;--awb-margin-bottom-large:20px;--awb-spacing-left-large:1.92%;--awb-width-medium:100%;--awb-order-medium:0;--awb-spacing-right-medium:1.92%;--awb-spacing-left-medium:1.92%;--awb-width-small:100%;--awb-order-small:0;--awb-spacing-right-small:1.92%;--awb-spacing-left-small:1.92%;\" data-scroll-devices=\"small-visibility,medium-visibility,large-visibility\"><div class=\"fusion-column-wrapper fusion-column-has-shadow fusion-flex-justify-content-flex-start fusion-content-layout-column\"><div class=\"fusion-title title fusion-title-5 fusion-sep-none fusion-title-center fusion-title-text fusion-title-size-two\" style=\"--awb-text-color:var(--awb-color1);--awb-margin-bottom:0px;--awb-margin-top-small:10px;--awb-margin-right-small:0px;--awb-margin-bottom-small:10px;--awb-margin-left-small:0px;--awb-font-size:25px;\"><h2 class=\"fusion-title-heading title-heading-center\" style=\"font-family:&quot;Poppins&quot;;font-style:normal;font-weight:700;margin:0;font-size:1em;\">Air Europa, Fliegen Sie auf Ihre eigene Weise<\/h2><\/div><\/div><\/div><\/div><\/div><\/p>\n","protected":false},"excerpt":{"rendered":"","protected":false},"author":3,"featured_media":0,"parent":4470,"menu_order":0,"comment_status":"closed","ping_status":"closed","template":"100-width.php","meta":{"footnotes":""},"class_list":["post-4573","page","type-page","status-publish","hentry"],"yoast_head":"<!-- This site is optimized with the Yoast SEO plugin v27.2 - https:\/\/yoast.com\/product\/yoast-seo-wordpress\/ -->\n<title>Air Europa - Vuelandia - Groothandel van de Reisbranche<\/title>\n<meta name=\"robots\" content=\"index, follow, max-snippet:-1, max-image-preview:large, max-video-preview:-1\" \/>\n<link rel=\"canonical\" href=\"https:\/\/vuelandia.com\/de\/partner-vuelandia\/air-europa\/\" \/>\n<meta property=\"og:locale\" content=\"de_DE\" \/>\n<meta property=\"og:type\" content=\"article\" \/>\n<meta property=\"og:title\" content=\"Air Europa - Vuelandia - Groothandel van de Reisbranche\" \/>\n<meta property=\"og:url\" content=\"https:\/\/vuelandia.com\/de\/partner-vuelandia\/air-europa\/\" \/>\n<meta property=\"og:site_name\" content=\"Vuelandia - Groothandel van de Reisbranche\" \/>\n<meta property=\"article:publisher\" content=\"https:\/\/www.facebook.com\/VuelandiaNederland\" \/>\n<meta property=\"article:modified_time\" content=\"2024-03-12T14:37:48+00:00\" \/>\n<meta name=\"twitter:card\" content=\"summary_large_image\" \/>\n<meta name=\"twitter:label1\" content=\"Gesch\u00e4tzte Lesezeit\" \/>\n\t<meta name=\"twitter:data1\" content=\"42\u00a0Minuten\" \/>\n<script type=\"application\/ld+json\" class=\"yoast-schema-graph\">{\"@context\":\"https:\/\/schema.org\",\"@graph\":[{\"@type\":\"WebPage\",\"@id\":\"https:\/\/vuelandia.com\/de\/partner-vuelandia\/air-europa\/\",\"url\":\"https:\/\/vuelandia.com\/de\/partner-vuelandia\/air-europa\/\",\"name\":\"Air Europa - Vuelandia - Groothandel van de Reisbranche\",\"isPartOf\":{\"@id\":\"https:\/\/vuelandia.com\/de\/#website\"},\"datePublished\":\"2024-01-01T11:12:13+00:00\",\"dateModified\":\"2024-03-12T14:37:48+00:00\",\"breadcrumb\":{\"@id\":\"https:\/\/vuelandia.com\/de\/partner-vuelandia\/air-europa\/#breadcrumb\"},\"inLanguage\":\"de\",\"potentialAction\":[{\"@type\":\"ReadAction\",\"target\":[\"https:\/\/vuelandia.com\/de\/partner-vuelandia\/air-europa\/\"]}]},{\"@type\":\"BreadcrumbList\",\"@id\":\"https:\/\/vuelandia.com\/de\/partner-vuelandia\/air-europa\/#breadcrumb\",\"itemListElement\":[{\"@type\":\"ListItem\",\"position\":1,\"name\":\"Home\",\"item\":\"https:\/\/vuelandia.com\/de\/vuelandia-startseite\/\"},{\"@type\":\"ListItem\",\"position\":2,\"name\":\"Partner Vuelandia\",\"item\":\"https:\/\/vuelandia.com\/de\/partner-vuelandia\/\"},{\"@type\":\"ListItem\",\"position\":3,\"name\":\"Air Europa\"}]},{\"@type\":\"WebSite\",\"@id\":\"https:\/\/vuelandia.com\/de\/#website\",\"url\":\"https:\/\/vuelandia.com\/de\/\",\"name\":\"Vuelandia - Groothandel van de reisbranche\",\"description\":\"Eenvoudig toegang tot de wereld van reizen\",\"publisher\":{\"@id\":\"https:\/\/vuelandia.com\/de\/#organization\"},\"potentialAction\":[{\"@type\":\"SearchAction\",\"target\":{\"@type\":\"EntryPoint\",\"urlTemplate\":\"https:\/\/vuelandia.com\/de\/?s={search_term_string}\"},\"query-input\":{\"@type\":\"PropertyValueSpecification\",\"valueRequired\":true,\"valueName\":\"search_term_string\"}}],\"inLanguage\":\"de\"},{\"@type\":\"Organization\",\"@id\":\"https:\/\/vuelandia.com\/de\/#organization\",\"name\":\"Vuelandia - Groothandel van de reisbranche\",\"url\":\"https:\/\/vuelandia.com\/de\/\",\"logo\":{\"@type\":\"ImageObject\",\"inLanguage\":\"de\",\"@id\":\"https:\/\/vuelandia.com\/de\/#\/schema\/logo\/image\/\",\"url\":\"https:\/\/vuelandia.com\/wp-content\/uploads\/2023\/05\/vuelandia_logo_1000x.png\",\"contentUrl\":\"https:\/\/vuelandia.com\/wp-content\/uploads\/2023\/05\/vuelandia_logo_1000x.png\",\"width\":1000,\"height\":168,\"caption\":\"Vuelandia - Groothandel van de reisbranche\"},\"image\":{\"@id\":\"https:\/\/vuelandia.com\/de\/#\/schema\/logo\/image\/\"},\"sameAs\":[\"https:\/\/www.facebook.com\/VuelandiaNederland\",\"https:\/\/www.instagram.com\/vuelandianl\/\",\"https:\/\/nl.linkedin.com\/company\/vuelandia\"]}]}<\/script>\n<!-- \/ Yoast SEO plugin. -->","yoast_head_json":{"title":"Air Europa - Vuelandia - Groothandel van de Reisbranche","robots":{"index":"index","follow":"follow","max-snippet":"max-snippet:-1","max-image-preview":"max-image-preview:large","max-video-preview":"max-video-preview:-1"},"canonical":"https:\/\/vuelandia.com\/de\/partner-vuelandia\/air-europa\/","og_locale":"de_DE","og_type":"article","og_title":"Air Europa - Vuelandia - Groothandel van de Reisbranche","og_url":"https:\/\/vuelandia.com\/de\/partner-vuelandia\/air-europa\/","og_site_name":"Vuelandia - Groothandel van de Reisbranche","article_publisher":"https:\/\/www.facebook.com\/VuelandiaNederland","article_modified_time":"2024-03-12T14:37:48+00:00","twitter_card":"summary_large_image","twitter_misc":{"Gesch\u00e4tzte Lesezeit":"42\u00a0Minuten"},"schema":{"@context":"https:\/\/schema.org","@graph":[{"@type":"WebPage","@id":"https:\/\/vuelandia.com\/de\/partner-vuelandia\/air-europa\/","url":"https:\/\/vuelandia.com\/de\/partner-vuelandia\/air-europa\/","name":"Air Europa - Vuelandia - Groothandel van de Reisbranche","isPartOf":{"@id":"https:\/\/vuelandia.com\/de\/#website"},"datePublished":"2024-01-01T11:12:13+00:00","dateModified":"2024-03-12T14:37:48+00:00","breadcrumb":{"@id":"https:\/\/vuelandia.com\/de\/partner-vuelandia\/air-europa\/#breadcrumb"},"inLanguage":"de","potentialAction":[{"@type":"ReadAction","target":["https:\/\/vuelandia.com\/de\/partner-vuelandia\/air-europa\/"]}]},{"@type":"BreadcrumbList","@id":"https:\/\/vuelandia.com\/de\/partner-vuelandia\/air-europa\/#breadcrumb","itemListElement":[{"@type":"ListItem","position":1,"name":"Home","item":"https:\/\/vuelandia.com\/de\/vuelandia-startseite\/"},{"@type":"ListItem","position":2,"name":"Partner Vuelandia","item":"https:\/\/vuelandia.com\/de\/partner-vuelandia\/"},{"@type":"ListItem","position":3,"name":"Air Europa"}]},{"@type":"WebSite","@id":"https:\/\/vuelandia.com\/de\/#website","url":"https:\/\/vuelandia.com\/de\/","name":"Vuelandia - Groothandel van de reisbranche","description":"Eenvoudig toegang tot de wereld van reizen","publisher":{"@id":"https:\/\/vuelandia.com\/de\/#organization"},"potentialAction":[{"@type":"SearchAction","target":{"@type":"EntryPoint","urlTemplate":"https:\/\/vuelandia.com\/de\/?s={search_term_string}"},"query-input":{"@type":"PropertyValueSpecification","valueRequired":true,"valueName":"search_term_string"}}],"inLanguage":"de"},{"@type":"Organization","@id":"https:\/\/vuelandia.com\/de\/#organization","name":"Vuelandia - Groothandel van de reisbranche","url":"https:\/\/vuelandia.com\/de\/","logo":{"@type":"ImageObject","inLanguage":"de","@id":"https:\/\/vuelandia.com\/de\/#\/schema\/logo\/image\/","url":"https:\/\/vuelandia.com\/wp-content\/uploads\/2023\/05\/vuelandia_logo_1000x.png","contentUrl":"https:\/\/vuelandia.com\/wp-content\/uploads\/2023\/05\/vuelandia_logo_1000x.png","width":1000,"height":168,"caption":"Vuelandia - Groothandel van de reisbranche"},"image":{"@id":"https:\/\/vuelandia.com\/de\/#\/schema\/logo\/image\/"},"sameAs":["https:\/\/www.facebook.com\/VuelandiaNederland","https:\/\/www.instagram.com\/vuelandianl\/","https:\/\/nl.linkedin.com\/company\/vuelandia"]}]}},"_links":{"self":[{"href":"https:\/\/vuelandia.com\/de\/wp-json\/wp\/v2\/pages\/4573","targetHints":{"allow":["GET"]}}],"collection":[{"href":"https:\/\/vuelandia.com\/de\/wp-json\/wp\/v2\/pages"}],"about":[{"href":"https:\/\/vuelandia.com\/de\/wp-json\/wp\/v2\/types\/page"}],"author":[{"embeddable":true,"href":"https:\/\/vuelandia.com\/de\/wp-json\/wp\/v2\/users\/3"}],"replies":[{"embeddable":true,"href":"https:\/\/vuelandia.com\/de\/wp-json\/wp\/v2\/comments?post=4573"}],"version-history":[{"count":11,"href":"https:\/\/vuelandia.com\/de\/wp-json\/wp\/v2\/pages\/4573\/revisions"}],"predecessor-version":[{"id":6509,"href":"https:\/\/vuelandia.com\/de\/wp-json\/wp\/v2\/pages\/4573\/revisions\/6509"}],"up":[{"embeddable":true,"href":"https:\/\/vuelandia.com\/de\/wp-json\/wp\/v2\/pages\/4470"}],"wp:attachment":[{"href":"https:\/\/vuelandia.com\/de\/wp-json\/wp\/v2\/media?parent=4573"}],"curies":[{"name":"wp","href":"https:\/\/api.w.org\/{rel}","templated":true}]}}