{"id":4393,"date":"2024-01-01T11:12:13","date_gmt":"2024-01-01T11:12:13","guid":{"rendered":"https:\/\/dev.vuelandia.com\/air-europa\/"},"modified":"2024-03-12T14:37:48","modified_gmt":"2024-03-12T14:37:48","slug":"air-europa","status":"publish","type":"page","link":"https:\/\/vuelandia.com\/fr\/partenaires-vuelandia\/air-europa\/","title":{"rendered":"Air Europa"},"content":{"rendered":"<p><div class=\"fusion-fullwidth fullwidth-box fusion-builder-row-1 fusion-flex-container has-pattern-background has-mask-background fusion-parallax-none nonhundred-percent-fullwidth non-hundred-percent-height-scrolling\" style=\"--awb-border-radius-top-left:0px;--awb-border-radius-top-right:0px;--awb-border-radius-bottom-right:0px;--awb-border-radius-bottom-left:0px;--awb-min-height:400px;--awb-background-image:url(&quot;https:\/\/vuelandia.com\/wp-content\/uploads\/2024\/02\/Vliegtuig-exterior.jpg&quot;);--awb-background-size:cover;--awb-flex-wrap:wrap;\" ><div class=\"fusion-builder-row fusion-row fusion-flex-align-items-flex-end fusion-flex-content-wrap\" style=\"max-width:1248px;margin-left: calc(-4% \/ 2 );margin-right: calc(-4% \/ 2 );\"><div class=\"fusion-layout-column fusion_builder_column fusion-builder-column-0 fusion_builder_column_2_3 2_3 fusion-flex-column fusion-animated\" style=\"--awb-padding-top:20%;--awb-bg-position:center center;--awb-bg-size:cover;--awb-width-large:66.666666666667%;--awb-margin-top-large:0px;--awb-spacing-right-large:2.88%;--awb-margin-bottom-large:20px;--awb-spacing-left-large:2.88%;--awb-width-medium:66.666666666667%;--awb-order-medium:0;--awb-spacing-right-medium:2.88%;--awb-spacing-left-medium:2.88%;--awb-width-small:100%;--awb-order-small:0;--awb-spacing-right-small:1.92%;--awb-margin-bottom-small:60px;--awb-spacing-left-small:1.92%;\" data-animationType=\"fadeInUp\" data-animationDuration=\"0.8\" data-animationOffset=\"top-into-view\" data-scroll-devices=\"small-visibility,medium-visibility,large-visibility\"><div class=\"fusion-column-wrapper fusion-column-has-shadow fusion-flex-justify-content-flex-start fusion-content-layout-column\"><\/div><\/div><\/div><\/div><div class=\"fusion-fullwidth fullwidth-box fusion-builder-row-2 fusion-flex-container has-pattern-background has-mask-background nonhundred-percent-fullwidth non-hundred-percent-height-scrolling\" style=\"--awb-background-position:left top;--awb-border-sizes-top:0px;--awb-border-sizes-bottom:0px;--awb-border-sizes-left:0px;--awb-border-sizes-right:0px;--awb-border-radius-top-left:0px;--awb-border-radius-top-right:0px;--awb-border-radius-bottom-right:0px;--awb-border-radius-bottom-left:0px;--awb-padding-top:60px;--awb-padding-bottom:60px;--awb-padding-top-medium:90px;--awb-padding-bottom-medium:90px;--awb-margin-bottom-medium:0px;--awb-background-color:var(--awb-color1);--awb-flex-wrap:wrap;\" ><div class=\"fusion-builder-row fusion-row fusion-flex-align-items-center fusion-flex-content-wrap\" style=\"max-width:calc( 1200px + 80px );margin-left: calc(-80px \/ 2 );margin-right: calc(-80px \/ 2 );\"><div class=\"fusion-layout-column fusion_builder_column fusion-builder-column-1 fusion_builder_column_1_2 1_2 fusion-flex-column\" style=\"--awb-bg-size:cover;--awb-width-large:50%;--awb-margin-top-large:0px;--awb-spacing-right-large:40px;--awb-margin-bottom-large:0px;--awb-spacing-left-large:40px;--awb-width-medium:50%;--awb-order-medium:0;--awb-spacing-right-medium:40px;--awb-spacing-left-medium:40px;--awb-width-small:100%;--awb-order-small:0;--awb-spacing-right-small:40px;--awb-spacing-left-small:40px;\" data-scroll-devices=\"small-visibility,medium-visibility,large-visibility\"><div class=\"fusion-column-wrapper fusion-column-has-shadow fusion-flex-justify-content-flex-start fusion-content-layout-column\"><div class=\"fusion-image-element \" style=\"--awb-margin-bottom:20px;--awb-caption-title-font-family:var(--h2_typography-font-family);--awb-caption-title-font-weight:var(--h2_typography-font-weight);--awb-caption-title-font-style:var(--h2_typography-font-style);--awb-caption-title-size:var(--h2_typography-font-size);--awb-caption-title-transform:var(--h2_typography-text-transform);--awb-caption-title-line-height:var(--h2_typography-line-height);--awb-caption-title-letter-spacing:var(--h2_typography-letter-spacing);\"><span class=\" fusion-imageframe imageframe-none imageframe-1 hover-type-none\"><img decoding=\"async\" width=\"1500\" height=\"236\" title=\"Logo blue Air Europa\" src=\"https:\/\/vuelandia.com\/wp-content\/uploads\/2024\/02\/Logo-blue-Air-Europa.png\" alt class=\"img-responsive wp-image-4418\" srcset=\"https:\/\/vuelandia.com\/wp-content\/uploads\/2024\/02\/Logo-blue-Air-Europa-200x31.png 200w, https:\/\/vuelandia.com\/wp-content\/uploads\/2024\/02\/Logo-blue-Air-Europa-400x63.png 400w, https:\/\/vuelandia.com\/wp-content\/uploads\/2024\/02\/Logo-blue-Air-Europa-600x94.png 600w, https:\/\/vuelandia.com\/wp-content\/uploads\/2024\/02\/Logo-blue-Air-Europa-800x126.png 800w, https:\/\/vuelandia.com\/wp-content\/uploads\/2024\/02\/Logo-blue-Air-Europa-1200x189.png 1200w, https:\/\/vuelandia.com\/wp-content\/uploads\/2024\/02\/Logo-blue-Air-Europa.png 1500w\" sizes=\"(max-width: 640px) 100vw, 600px\" \/><\/span><\/div><div class=\"fusion-title title fusion-title-1 fusion-sep-none fusion-title-text fusion-title-size-three\" style=\"--awb-text-color:#0d0d0d;--awb-margin-top:20px;--awb-margin-bottom:20px;--awb-margin-top-small:10px;--awb-margin-right-small:0px;--awb-margin-bottom-small:10px;--awb-margin-left-small:0px;\"><h3 class=\"fusion-title-heading title-heading-left\" style=\"font-family:&quot;Poppins&quot;;font-style:normal;font-weight:800;margin:0;\">Air Europa, votre compagnie a\u00e9rienne vers l&rsquo;Am\u00e9rique latine<\/h3><\/div><div class=\"fusion-text fusion-text-1\" style=\"--awb-text-color:#0d0d0d;\"><p><span style=\"color: #0d0d0d;\">Avec deux vols quotidiens au d\u00e9part d&rsquo;Amsterdam et de Bruxelles, Air Europa propose plus de 20 destinations en Am\u00e9rique latine.<\/span><\/p>\n<p><span style=\"color: #0d0d0d;\">Les destinations les plus pris\u00e9es, telles que <strong>Cuba, le P\u00e9rou et la Colombie <\/strong>, entre autres, qui sont desservies au d\u00e9part de Madrid, sont parfaitement reli\u00e9es aux vols d&rsquo;Amsterdam et de Bruxelles.<\/span><\/p>\n<p><span style=\"color: #0d0d0d;\">Si vous le souhaitez, vous pouvez \u00e9galement faire une escale \u00e0 Madrid. Air Europa est membre de l&rsquo;alliance SkyTeam, ce qui signifie que vous pouvez compter sur le confort, d&rsquo;excellentes correspondances, la flexibilit\u00e9 et l&rsquo;acc\u00e8s \u00e0 plus de 420 salons dans le monde entier.<\/span><\/p>\n<p>* Membre de l&rsquo;alliance SkyTeam<br \/>\n* Unit\u00e9s modernes et confortablement \u00e9quip\u00e9es<br \/>\n* Bagages enregistr\u00e9s gratuits de 23 kg en classe \u00e9conomique (sauf tarifs LITE)<br \/>\n* Divertissement individuel avec la possibilit\u00e9 de diffuser sur votre propre appareil<br \/>\n* Options de surclassement en classe affaires et en service Premium<br \/>\n* Wi-Fi \u00e0 bord disponible moyennant paiement<\/p>\n<\/div><\/div><\/div><div class=\"fusion-layout-column fusion_builder_column fusion-builder-column-2 fusion_builder_column_1_2 1_2 fusion-flex-column\" style=\"--awb-overflow:hidden;--awb-bg-size:cover;--awb-box-shadow:2px 2px 12px 0px var(--awb-color6);;--awb-border-color:var(--awb-color2);--awb-border-top:1px;--awb-border-right:1px;--awb-border-bottom:1px;--awb-border-left:1px;--awb-border-style:solid;--awb-border-radius:20px 20px 20px 20px;--awb-width-large:50%;--awb-margin-top-large:0px;--awb-spacing-right-large:40px;--awb-margin-bottom-large:20px;--awb-spacing-left-large:40px;--awb-width-medium:50%;--awb-order-medium:0;--awb-spacing-right-medium:40px;--awb-spacing-left-medium:40px;--awb-width-small:100%;--awb-order-small:0;--awb-spacing-right-small:40px;--awb-spacing-left-small:40px;\" data-scroll-devices=\"small-visibility,medium-visibility,large-visibility\"><div class=\"fusion-column-wrapper fusion-column-has-shadow fusion-flex-justify-content-flex-start fusion-content-layout-column\"><div class=\"fusion-image-element \" style=\"--awb-caption-title-font-family:var(--h2_typography-font-family);--awb-caption-title-font-weight:var(--h2_typography-font-weight);--awb-caption-title-font-style:var(--h2_typography-font-style);--awb-caption-title-size:var(--h2_typography-font-size);--awb-caption-title-transform:var(--h2_typography-text-transform);--awb-caption-title-line-height:var(--h2_typography-line-height);--awb-caption-title-letter-spacing:var(--h2_typography-letter-spacing);\"><span class=\" fusion-imageframe imageframe-none imageframe-2 hover-type-none\"><img decoding=\"async\" width=\"1748\" height=\"1240\" title=\"Duurzaamheid\" src=\"https:\/\/vuelandia.com\/wp-content\/uploads\/2024\/02\/Duurzaamheid.jpg\" alt class=\"img-responsive wp-image-4416\" srcset=\"https:\/\/vuelandia.com\/wp-content\/uploads\/2024\/02\/Duurzaamheid-200x142.jpg 200w, https:\/\/vuelandia.com\/wp-content\/uploads\/2024\/02\/Duurzaamheid-400x284.jpg 400w, https:\/\/vuelandia.com\/wp-content\/uploads\/2024\/02\/Duurzaamheid-600x426.jpg 600w, https:\/\/vuelandia.com\/wp-content\/uploads\/2024\/02\/Duurzaamheid-800x568.jpg 800w, https:\/\/vuelandia.com\/wp-content\/uploads\/2024\/02\/Duurzaamheid-1200x851.jpg 1200w, https:\/\/vuelandia.com\/wp-content\/uploads\/2024\/02\/Duurzaamheid.jpg 1748w\" sizes=\"(max-width: 640px) 100vw, 600px\" \/><\/span><\/div><div class=\"fusion-title title fusion-title-2 fusion-sep-none fusion-title-text fusion-title-size-three\" style=\"--awb-text-color:#2d69e1;--awb-margin-top:20px;--awb-margin-right:5%;--awb-margin-bottom:0px;--awb-margin-left:5%;--awb-margin-top-small:10px;--awb-margin-right-small:0px;--awb-margin-bottom-small:10px;--awb-margin-left-small:0px;\"><h3 class=\"fusion-title-heading title-heading-left\" style=\"font-family:&quot;Poppins&quot;;font-style:normal;font-weight:700;margin:0;\">Voler vers un avenir durable<\/h3><\/div><div class=\"fusion-text fusion-text-2\" style=\"--awb-margin-top:0px;--awb-margin-right:5%;--awb-margin-left:5%;\"><h6><span style=\"color: #0d0d0d;\">Air Europa met le cap sur un avenir durable en renouvelant sa flotte dans le respect de l&rsquo;environnement<\/span><\/h6>\n<p><span style=\"color: #0d0d0d;\">Au cours des deux derni\u00e8res ann\u00e9es, Air Europa a lanc\u00e9 un ambitieux programme de renouvellement de sa flotte, en passant enti\u00e8rement aux Boeing 787 Dreamliners et aux Boeing 737 MAX. Ces unit\u00e9s se caract\u00e9risent par une durabilit\u00e9 exceptionnelle, une consommation de carburant et des \u00e9missions de CO2 nettement inf\u00e9rieures, ce qui se traduit par une r\u00e9duction de l&rsquo;impact sur l&rsquo;environnement de 34 % et 60 %, respectivement. En outre, ils produisent beaucoup moins de nuisances sonores pour la zone environnante.<\/span><\/p>\n<\/div><\/div><\/div><\/div><\/div><div class=\"fusion-fullwidth fullwidth-box fusion-builder-row-3 fusion-flex-container has-pattern-background has-mask-background nonhundred-percent-fullwidth non-hundred-percent-height-scrolling\" style=\"--awb-border-radius-top-left:0px;--awb-border-radius-top-right:0px;--awb-border-radius-bottom-right:0px;--awb-border-radius-bottom-left:0px;--awb-flex-wrap:wrap;\" ><div class=\"fusion-builder-row fusion-row fusion-flex-align-items-flex-start fusion-flex-content-wrap\" style=\"max-width:1248px;margin-left: calc(-4% \/ 2 );margin-right: calc(-4% \/ 2 );\"><div class=\"fusion-layout-column fusion_builder_column fusion-builder-column-3 fusion_builder_column_4_5 4_5 fusion-flex-column\" style=\"--awb-bg-size:cover;--awb-width-large:80%;--awb-margin-top-large:0px;--awb-spacing-right-large:2.4%;--awb-margin-bottom-large:20px;--awb-spacing-left-large:2.4%;--awb-width-medium:80%;--awb-order-medium:0;--awb-spacing-right-medium:2.4%;--awb-spacing-left-medium:2.4%;--awb-width-small:100%;--awb-order-small:0;--awb-spacing-right-small:1.92%;--awb-spacing-left-small:1.92%;\"><div class=\"fusion-column-wrapper fusion-column-has-shadow fusion-flex-justify-content-flex-start fusion-content-layout-column\"><div class=\"fusion-title title fusion-title-3 fusion-sep-none fusion-title-text fusion-title-size-three\" style=\"--awb-text-color:#2d69e1;--awb-margin-top-small:10px;--awb-margin-right-small:0px;--awb-margin-bottom-small:10px;--awb-margin-left-small:0px;\"><h3 class=\"fusion-title-heading title-heading-left\" style=\"font-family:&quot;Poppins&quot;;font-style:normal;font-weight:700;margin:0;\">Confort \u00e0 bord<\/h3><\/div><div class=\"fusion-text fusion-text-3\" style=\"--awb-text-color:#0d0d0d;\"><p>Sur un vol en classe \u00e9conomique, vous voyagerez dans des si\u00e8ges confortables, b\u00e9n\u00e9ficierez d&rsquo;un \u00e9clairage d&rsquo;ambiance pour r\u00e9duire le d\u00e9calage horaire, de divertissements personnels et d&rsquo;un repas principal sur les vols transcontinentaux, entre autres. Il est \u00e9galement possible de commander \u00e0 l&rsquo;avance des repas sp\u00e9ciaux\/suppl\u00e9mentaires ou des combinaisons a\u00e9riennes. Ceux qui souhaitent plus d&rsquo;espace et de confort peuvent opter pour la classe affaires, avec des si\u00e8ges enti\u00e8rement plats, une trousse de toilette et des menus \u00e9cologiques sp\u00e9ciaux \u00e9labor\u00e9s par le chef \u00e9toil\u00e9 Martin Berasategui.<\/p>\n<h6><strong><span style=\"color: #0d0d0d;\">Wi-Fi \u00e0 bord<\/span> <\/strong><\/h6>\n<p>Sur une grande partie des vols d&rsquo;Air Europa, une connexion wifi \u00e0 bord est possible moyennant un petit suppl\u00e9ment. Pour rester en contact avec ses proches via WhatsApp et d&rsquo;autres r\u00e9seaux sociaux, g\u00e9rer son courrier \u00e9lectronique ou naviguer, selon ses besoins, diff\u00e9rents forfaits Wi-Fi sont disponibles. Il est possible d&rsquo;acheter \u00e0 l&rsquo;avance le forfait Wi-Fi souhait\u00e9 sur le site Internet d&rsquo;Air Europa ou \u00e0 bord.<\/p>\n<h6><strong><span style=\"color: #0d0d0d;\">Le menu de Gusto+<\/span> <\/strong><\/h6>\n<p>Le menu Gusto+ d&rsquo;Air Europa est payant sur les vols court-courriers ET s&rsquo;applique au second repas sur les vols long-courriers. Il s&rsquo;agit de d\u00e9licieux plats pr\u00e9par\u00e9s fra\u00eechement chaque jour. Des offres sp\u00e9ciales sont propos\u00e9es sur chaque vol, allant des hors-d&rsquo;\u0153uvre aux snacks, en passant par les sandwichs, les combinaisons sucr\u00e9es ou les menus sp\u00e9ciaux pour enfants. En outre, les passagers peuvent d\u00e9guster les sandwichs du mois.<\/p>\n<h6><strong><span style=\"color: #0d0d0d;\">Si\u00e8ges<\/span> <\/strong><\/h6>\n<p>Pour plus de confort \u00e0 bord, nous proposons des si\u00e8ges XL sur tous les vols, qui peuvent \u00eatre r\u00e9serv\u00e9s \u00e0 l&rsquo;avance moyennant un petit suppl\u00e9ment.<\/p>\n<\/div><\/div><\/div><div class=\"fusion-layout-column fusion_builder_column fusion-builder-column-4 fusion_builder_column_5_6 5_6 fusion-flex-column\" style=\"--awb-bg-size:cover;--awb-width-large:83.333333333333%;--awb-margin-top-large:0px;--awb-spacing-right-large:2.304%;--awb-margin-bottom-large:20px;--awb-spacing-left-large:2.304%;--awb-width-medium:83.333333333333%;--awb-order-medium:0;--awb-spacing-right-medium:2.304%;--awb-spacing-left-medium:2.304%;--awb-width-small:100%;--awb-order-small:0;--awb-spacing-right-small:1.92%;--awb-spacing-left-small:1.92%;\"><div class=\"fusion-column-wrapper fusion-column-has-shadow fusion-flex-justify-content-flex-start fusion-content-layout-column\"><div class=\"fusion-image-carousel fusion-image-carousel-fixed fusion-image-carousel-1 lightbox-enabled fusion-carousel-border\"><div class=\"awb-carousel awb-swiper awb-swiper-carousel awb-carousel--carousel awb-swiper-dots-position-bottom\" data-layout=\"carousel\" data-autoplay=\"no\" data-autoplayspeed=\"2500\" data-autoplaypause=\"no\" data-columns=\"5\" data-columnsmedium=\"1\" data-columnssmall=\"1\" data-itemmargin=\"13\" data-itemwidth=\"180\" data-touchscroll=\"no\" data-freemode=\"no\" data-imagesize=\"fixed\" data-scrollitems=\"0\" data-centeredslides=\"no\" data-rotationangle=\"50\" data-depth=\"100\" data-speed=\"500\" data-shadow=\"no\" data-pagination=\"bullets\" style=\"--awb-border-width:1px;--awb-border-color:#e9eaee;\"><div class=\"swiper-wrapper awb-image-carousel-wrapper fusion-flex-align-items-center\"><div class=\"swiper-slide\"><div class=\"fusion-carousel-item-wrapper\"><div class=\"fusion-image-wrapper hover-type-liftup\"><a data-rel=\"iLightbox[image_carousel_1]\" data-title=\"Economy Class\" aria-label=\"Economy Class\" href=\"https:\/\/vuelandia.com\/wp-content\/uploads\/2024\/02\/economy.jpg\" target=\"_self\"><img decoding=\"async\" width=\"320\" height=\"202\" src=\"https:\/\/vuelandia.com\/wp-content\/uploads\/2024\/02\/economy-320x202.jpg\" class=\"attachment-blog-medium size-blog-medium\" alt=\"Classe \u00e9conomique\" \/><\/a><\/div><\/div><\/div><div class=\"swiper-slide\"><div class=\"fusion-carousel-item-wrapper\"><div class=\"fusion-image-wrapper hover-type-liftup\"><a data-rel=\"iLightbox[image_carousel_1]\" data-title=\"Premium Class\" aria-label=\"Premium Class\" href=\"https:\/\/vuelandia.com\/wp-content\/uploads\/2024\/02\/premium-1.jpg\" target=\"_self\"><img decoding=\"async\" width=\"320\" height=\"202\" src=\"https:\/\/vuelandia.com\/wp-content\/uploads\/2024\/02\/premium-1-320x202.jpg\" class=\"attachment-blog-medium size-blog-medium\" alt=\"Classe Premium\" \/><\/a><\/div><\/div><\/div><div class=\"swiper-slide\"><div class=\"fusion-carousel-item-wrapper\"><div class=\"fusion-image-wrapper hover-type-liftup\"><a data-rel=\"iLightbox[image_carousel_1]\" data-title=\"Maaltijd a la carte\" aria-label=\"Maaltijd a la carte\" href=\"https:\/\/vuelandia.com\/wp-content\/uploads\/2024\/02\/maaltijd.jpg\" target=\"_self\"><img decoding=\"async\" width=\"320\" height=\"202\" src=\"https:\/\/vuelandia.com\/wp-content\/uploads\/2024\/02\/maaltijd-320x202.jpg\" class=\"attachment-blog-medium size-blog-medium\" alt=\"Repas \u00e0 la carte\" \/><\/a><\/div><\/div><\/div><div class=\"swiper-slide\"><div class=\"fusion-carousel-item-wrapper\"><div class=\"fusion-image-wrapper hover-type-liftup\"><a data-rel=\"iLightbox[image_carousel_1]\" data-title=\"Stewaradess Air Europa\" aria-label=\"Stewaradess Air Europa\" href=\"https:\/\/vuelandia.com\/wp-content\/uploads\/2024\/02\/stewaradess.jpg\" target=\"_self\"><img decoding=\"async\" width=\"320\" height=\"202\" src=\"https:\/\/vuelandia.com\/wp-content\/uploads\/2024\/02\/stewaradess-320x202.jpg\" class=\"attachment-blog-medium size-blog-medium\" alt=\"H\u00f4tesse de l&amp;apos;air Air Europa\" \/><\/a><\/div><\/div><\/div><div class=\"swiper-slide\"><div class=\"fusion-carousel-item-wrapper\"><div class=\"fusion-image-wrapper hover-type-liftup\"><a data-rel=\"iLightbox[image_carousel_1]\" data-title=\"Business Class\" aria-label=\"Business Class\" href=\"https:\/\/vuelandia.com\/wp-content\/uploads\/2024\/02\/Business-Class.jpg\" target=\"_self\"><img decoding=\"async\" width=\"320\" height=\"202\" src=\"https:\/\/vuelandia.com\/wp-content\/uploads\/2024\/02\/Business-Class-320x202.jpg\" class=\"attachment-blog-medium size-blog-medium\" alt=\"Classe affaires\" \/><\/a><\/div><\/div><\/div><\/div><\/div><\/div><\/div><\/div><div class=\"fusion-layout-column fusion_builder_column fusion-builder-column-5 fusion_builder_column_4_5 4_5 fusion-flex-column\" style=\"--awb-bg-size:cover;--awb-width-large:80%;--awb-margin-top-large:0px;--awb-spacing-right-large:2.4%;--awb-margin-bottom-large:20px;--awb-spacing-left-large:2.4%;--awb-width-medium:80%;--awb-order-medium:0;--awb-spacing-right-medium:2.4%;--awb-spacing-left-medium:2.4%;--awb-width-small:100%;--awb-order-small:0;--awb-spacing-right-small:1.92%;--awb-spacing-left-small:1.92%;\"><div class=\"fusion-column-wrapper fusion-column-has-shadow fusion-flex-justify-content-flex-start fusion-content-layout-column\"><div class=\"fusion-title title fusion-title-4 fusion-sep-none fusion-title-text fusion-title-size-three\" style=\"--awb-text-color:#2d69e1;--awb-margin-bottom:0px;--awb-margin-top-small:10px;--awb-margin-right-small:0px;--awb-margin-bottom-small:10px;--awb-margin-left-small:0px;\"><h3 class=\"fusion-title-heading title-heading-left\" style=\"font-family:&quot;Poppins&quot;;font-style:normal;font-weight:700;margin:0;\">Exp\u00e9rience de l&rsquo;AEA<\/h3><\/div><div class=\"fusion-text fusion-text-4 fusion-text-no-margin\" style=\"--awb-text-color:#0d0d0d;--awb-margin-top:0px;--awb-margin-bottom:0px;\"><h6><span style=\"color: #0d0d0d;\">Voyage en prime<\/span><\/h6>\n<p>Dans des destinations telles que Cancun, San Pedro de Sula et Santa Cruz, les passagers peuvent profiter de l&rsquo;espace suppl\u00e9mentaire pour les jambes et du confort de voyage qu&rsquo;offre la cabine Premium, entre autres.<\/p>\n<ul>\n<li>Les si\u00e8ges plus larges offrent plus de confort.<\/li>\n<li>Menu sp\u00e9cial<\/li>\n<li>Kit de confort<\/li>\n<li>Embarquement prioritaire<\/li>\n<\/ul>\n<h6><span style=\"color: #0d0d0d;\">Votre monde, encore plus grand dans notre classe affaires<\/span><\/h6>\n<p>Voyager avec style est possible en classe affaires, o\u00f9 les passagers b\u00e9n\u00e9ficient de plus d&rsquo;intimit\u00e9, de confort et d&rsquo;une exp\u00e9rience gastronomique avec des menus sains, \u00e9cologiques et de qualit\u00e9.<\/p>\n<ul>\n<li>Acc\u00e8s aux salons VIP<\/li>\n<li>Enregistrement rapide gr\u00e2ce \u00e0 un bureau d&rsquo;enregistrement s\u00e9par\u00e9<\/li>\n<li>Embarquement prioritaire<\/li>\n<li>Les si\u00e8ges \u00ab\u00a0flat bed\u00a0\u00bb permettent aux passagers de se reposer en position totalement horizontale.<\/li>\n<li>2 fois 23 kg de bagages enregistr\u00e9s et 3 bagages \u00e0 main.<\/li>\n<li>Service attentif et personnalis\u00e9 de la part du personnel d\u00e9di\u00e9 de SkyTeam<\/li>\n<li>Syst\u00e8me de divertissement \u00e0 bord tr\u00e8s complet.<\/li>\n<li>Kit de commodit\u00e9s<\/li>\n<li>Menu sp\u00e9cial \u00e9labor\u00e9 par l&rsquo;\u00e9toile Michelin espagnole Martin Berasategui.<\/li>\n<\/ul>\n<\/div><\/div><\/div><\/div><\/div><div class=\"fusion-fullwidth fullwidth-box fusion-builder-row-4 fusion-flex-container has-pattern-background has-mask-background nonhundred-percent-fullwidth non-hundred-percent-height-scrolling\" style=\"--awb-border-radius-top-left:0px;--awb-border-radius-top-right:0px;--awb-border-radius-bottom-right:0px;--awb-border-radius-bottom-left:0px;--awb-padding-right:0px;--awb-padding-left:0px;--awb-margin-top:20px;--awb-background-color:#2d69e1;--awb-flex-wrap:wrap;\" ><div class=\"fusion-builder-row fusion-row fusion-flex-align-items-flex-start fusion-flex-content-wrap\" style=\"max-width:1248px;margin-left: calc(-4% \/ 2 );margin-right: calc(-4% \/ 2 );\"><div class=\"fusion-layout-column fusion_builder_column fusion-builder-column-6 fusion_builder_column_1_1 1_1 fusion-flex-column\" style=\"--awb-padding-top:20px;--awb-padding-bottom:20px;--awb-overflow:hidden;--awb-bg-size:cover;--awb-border-radius:20px 20px 20px 20px;--awb-width-large:100%;--awb-margin-top-large:0px;--awb-spacing-right-large:1.92%;--awb-margin-bottom-large:20px;--awb-spacing-left-large:1.92%;--awb-width-medium:100%;--awb-order-medium:0;--awb-spacing-right-medium:1.92%;--awb-spacing-left-medium:1.92%;--awb-width-small:100%;--awb-order-small:0;--awb-spacing-right-small:1.92%;--awb-spacing-left-small:1.92%;\" data-scroll-devices=\"small-visibility,medium-visibility,large-visibility\"><div class=\"fusion-column-wrapper fusion-column-has-shadow fusion-flex-justify-content-flex-start fusion-content-layout-column\"><div class=\"fusion-title title fusion-title-5 fusion-sep-none fusion-title-center fusion-title-text fusion-title-size-two\" style=\"--awb-text-color:var(--awb-color1);--awb-margin-bottom:0px;--awb-margin-top-small:10px;--awb-margin-right-small:0px;--awb-margin-bottom-small:10px;--awb-margin-left-small:0px;--awb-font-size:25px;\"><h2 class=\"fusion-title-heading title-heading-center\" style=\"font-family:&quot;Poppins&quot;;font-style:normal;font-weight:700;margin:0;font-size:1em;\">Air Europa, volez \u00e0 votre guise<\/h2><\/div><\/div><\/div><\/div><\/div><\/p>\n","protected":false},"excerpt":{"rendered":"","protected":false},"author":3,"featured_media":0,"parent":4530,"menu_order":0,"comment_status":"closed","ping_status":"closed","template":"100-width.php","meta":{"footnotes":""},"class_list":["post-4393","page","type-page","status-publish","hentry"],"yoast_head":"<!-- This site is optimized with the Yoast SEO plugin v27.2 - https:\/\/yoast.com\/product\/yoast-seo-wordpress\/ -->\n<title>Air Europa - Vuelandia - Groothandel van de Reisbranche<\/title>\n<meta name=\"robots\" content=\"index, follow, max-snippet:-1, max-image-preview:large, max-video-preview:-1\" \/>\n<link rel=\"canonical\" href=\"https:\/\/vuelandia.com\/fr\/partenaires-vuelandia\/air-europa\/\" \/>\n<meta property=\"og:locale\" content=\"fr_FR\" \/>\n<meta property=\"og:type\" content=\"article\" \/>\n<meta property=\"og:title\" content=\"Air Europa - Vuelandia - Groothandel van de Reisbranche\" \/>\n<meta property=\"og:url\" content=\"https:\/\/vuelandia.com\/fr\/partenaires-vuelandia\/air-europa\/\" \/>\n<meta property=\"og:site_name\" content=\"Vuelandia - Groothandel van de Reisbranche\" \/>\n<meta property=\"article:publisher\" content=\"https:\/\/www.facebook.com\/VuelandiaNederland\" \/>\n<meta property=\"article:modified_time\" content=\"2024-03-12T14:37:48+00:00\" \/>\n<meta name=\"twitter:card\" content=\"summary_large_image\" \/>\n<meta name=\"twitter:label1\" content=\"Dur\u00e9e de lecture estim\u00e9e\" \/>\n\t<meta name=\"twitter:data1\" content=\"42 minutes\" \/>\n<script type=\"application\/ld+json\" class=\"yoast-schema-graph\">{\"@context\":\"https:\/\/schema.org\",\"@graph\":[{\"@type\":\"WebPage\",\"@id\":\"https:\/\/vuelandia.com\/fr\/partenaires-vuelandia\/air-europa\/\",\"url\":\"https:\/\/vuelandia.com\/fr\/partenaires-vuelandia\/air-europa\/\",\"name\":\"Air Europa - Vuelandia - Groothandel van de Reisbranche\",\"isPartOf\":{\"@id\":\"https:\/\/vuelandia.com\/fr\/#website\"},\"datePublished\":\"2024-01-01T11:12:13+00:00\",\"dateModified\":\"2024-03-12T14:37:48+00:00\",\"breadcrumb\":{\"@id\":\"https:\/\/vuelandia.com\/fr\/partenaires-vuelandia\/air-europa\/#breadcrumb\"},\"inLanguage\":\"fr-FR\",\"potentialAction\":[{\"@type\":\"ReadAction\",\"target\":[\"https:\/\/vuelandia.com\/fr\/partenaires-vuelandia\/air-europa\/\"]}]},{\"@type\":\"BreadcrumbList\",\"@id\":\"https:\/\/vuelandia.com\/fr\/partenaires-vuelandia\/air-europa\/#breadcrumb\",\"itemListElement\":[{\"@type\":\"ListItem\",\"position\":1,\"name\":\"Home\",\"item\":\"https:\/\/vuelandia.com\/fr\/page-daccueil-de-vuelandia\/\"},{\"@type\":\"ListItem\",\"position\":2,\"name\":\"Partenaires Vuelandia\",\"item\":\"https:\/\/vuelandia.com\/fr\/partenaires-vuelandia\/\"},{\"@type\":\"ListItem\",\"position\":3,\"name\":\"Air Europa\"}]},{\"@type\":\"WebSite\",\"@id\":\"https:\/\/vuelandia.com\/fr\/#website\",\"url\":\"https:\/\/vuelandia.com\/fr\/\",\"name\":\"Vuelandia - Groothandel van de reisbranche\",\"description\":\"Eenvoudig toegang tot de wereld van reizen\",\"publisher\":{\"@id\":\"https:\/\/vuelandia.com\/fr\/#organization\"},\"potentialAction\":[{\"@type\":\"SearchAction\",\"target\":{\"@type\":\"EntryPoint\",\"urlTemplate\":\"https:\/\/vuelandia.com\/fr\/?s={search_term_string}\"},\"query-input\":{\"@type\":\"PropertyValueSpecification\",\"valueRequired\":true,\"valueName\":\"search_term_string\"}}],\"inLanguage\":\"fr-FR\"},{\"@type\":\"Organization\",\"@id\":\"https:\/\/vuelandia.com\/fr\/#organization\",\"name\":\"Vuelandia - Groothandel van de reisbranche\",\"url\":\"https:\/\/vuelandia.com\/fr\/\",\"logo\":{\"@type\":\"ImageObject\",\"inLanguage\":\"fr-FR\",\"@id\":\"https:\/\/vuelandia.com\/fr\/#\/schema\/logo\/image\/\",\"url\":\"https:\/\/vuelandia.com\/wp-content\/uploads\/2023\/05\/vuelandia_logo_1000x.png\",\"contentUrl\":\"https:\/\/vuelandia.com\/wp-content\/uploads\/2023\/05\/vuelandia_logo_1000x.png\",\"width\":1000,\"height\":168,\"caption\":\"Vuelandia - Groothandel van de reisbranche\"},\"image\":{\"@id\":\"https:\/\/vuelandia.com\/fr\/#\/schema\/logo\/image\/\"},\"sameAs\":[\"https:\/\/www.facebook.com\/VuelandiaNederland\",\"https:\/\/www.instagram.com\/vuelandianl\/\",\"https:\/\/nl.linkedin.com\/company\/vuelandia\"]}]}<\/script>\n<!-- \/ Yoast SEO plugin. -->","yoast_head_json":{"title":"Air Europa - Vuelandia - Groothandel van de Reisbranche","robots":{"index":"index","follow":"follow","max-snippet":"max-snippet:-1","max-image-preview":"max-image-preview:large","max-video-preview":"max-video-preview:-1"},"canonical":"https:\/\/vuelandia.com\/fr\/partenaires-vuelandia\/air-europa\/","og_locale":"fr_FR","og_type":"article","og_title":"Air Europa - Vuelandia - Groothandel van de Reisbranche","og_url":"https:\/\/vuelandia.com\/fr\/partenaires-vuelandia\/air-europa\/","og_site_name":"Vuelandia - Groothandel van de Reisbranche","article_publisher":"https:\/\/www.facebook.com\/VuelandiaNederland","article_modified_time":"2024-03-12T14:37:48+00:00","twitter_card":"summary_large_image","twitter_misc":{"Dur\u00e9e de lecture estim\u00e9e":"42 minutes"},"schema":{"@context":"https:\/\/schema.org","@graph":[{"@type":"WebPage","@id":"https:\/\/vuelandia.com\/fr\/partenaires-vuelandia\/air-europa\/","url":"https:\/\/vuelandia.com\/fr\/partenaires-vuelandia\/air-europa\/","name":"Air Europa - Vuelandia - Groothandel van de Reisbranche","isPartOf":{"@id":"https:\/\/vuelandia.com\/fr\/#website"},"datePublished":"2024-01-01T11:12:13+00:00","dateModified":"2024-03-12T14:37:48+00:00","breadcrumb":{"@id":"https:\/\/vuelandia.com\/fr\/partenaires-vuelandia\/air-europa\/#breadcrumb"},"inLanguage":"fr-FR","potentialAction":[{"@type":"ReadAction","target":["https:\/\/vuelandia.com\/fr\/partenaires-vuelandia\/air-europa\/"]}]},{"@type":"BreadcrumbList","@id":"https:\/\/vuelandia.com\/fr\/partenaires-vuelandia\/air-europa\/#breadcrumb","itemListElement":[{"@type":"ListItem","position":1,"name":"Home","item":"https:\/\/vuelandia.com\/fr\/page-daccueil-de-vuelandia\/"},{"@type":"ListItem","position":2,"name":"Partenaires Vuelandia","item":"https:\/\/vuelandia.com\/fr\/partenaires-vuelandia\/"},{"@type":"ListItem","position":3,"name":"Air Europa"}]},{"@type":"WebSite","@id":"https:\/\/vuelandia.com\/fr\/#website","url":"https:\/\/vuelandia.com\/fr\/","name":"Vuelandia - Groothandel van de reisbranche","description":"Eenvoudig toegang tot de wereld van reizen","publisher":{"@id":"https:\/\/vuelandia.com\/fr\/#organization"},"potentialAction":[{"@type":"SearchAction","target":{"@type":"EntryPoint","urlTemplate":"https:\/\/vuelandia.com\/fr\/?s={search_term_string}"},"query-input":{"@type":"PropertyValueSpecification","valueRequired":true,"valueName":"search_term_string"}}],"inLanguage":"fr-FR"},{"@type":"Organization","@id":"https:\/\/vuelandia.com\/fr\/#organization","name":"Vuelandia - Groothandel van de reisbranche","url":"https:\/\/vuelandia.com\/fr\/","logo":{"@type":"ImageObject","inLanguage":"fr-FR","@id":"https:\/\/vuelandia.com\/fr\/#\/schema\/logo\/image\/","url":"https:\/\/vuelandia.com\/wp-content\/uploads\/2023\/05\/vuelandia_logo_1000x.png","contentUrl":"https:\/\/vuelandia.com\/wp-content\/uploads\/2023\/05\/vuelandia_logo_1000x.png","width":1000,"height":168,"caption":"Vuelandia - Groothandel van de reisbranche"},"image":{"@id":"https:\/\/vuelandia.com\/fr\/#\/schema\/logo\/image\/"},"sameAs":["https:\/\/www.facebook.com\/VuelandiaNederland","https:\/\/www.instagram.com\/vuelandianl\/","https:\/\/nl.linkedin.com\/company\/vuelandia"]}]}},"_links":{"self":[{"href":"https:\/\/vuelandia.com\/fr\/wp-json\/wp\/v2\/pages\/4393","targetHints":{"allow":["GET"]}}],"collection":[{"href":"https:\/\/vuelandia.com\/fr\/wp-json\/wp\/v2\/pages"}],"about":[{"href":"https:\/\/vuelandia.com\/fr\/wp-json\/wp\/v2\/types\/page"}],"author":[{"embeddable":true,"href":"https:\/\/vuelandia.com\/fr\/wp-json\/wp\/v2\/users\/3"}],"replies":[{"embeddable":true,"href":"https:\/\/vuelandia.com\/fr\/wp-json\/wp\/v2\/comments?post=4393"}],"version-history":[{"count":12,"href":"https:\/\/vuelandia.com\/fr\/wp-json\/wp\/v2\/pages\/4393\/revisions"}],"predecessor-version":[{"id":6512,"href":"https:\/\/vuelandia.com\/fr\/wp-json\/wp\/v2\/pages\/4393\/revisions\/6512"}],"up":[{"embeddable":true,"href":"https:\/\/vuelandia.com\/fr\/wp-json\/wp\/v2\/pages\/4530"}],"wp:attachment":[{"href":"https:\/\/vuelandia.com\/fr\/wp-json\/wp\/v2\/media?parent=4393"}],"curies":[{"name":"wp","href":"https:\/\/api.w.org\/{rel}","templated":true}]}}